{"id":804,"date":"2025-01-02T20:32:05","date_gmt":"2025-01-02T20:32:05","guid":{"rendered":"https:\/\/kirstengomez.es\/v2\/?page_id=804"},"modified":"2026-08-04T14:36:04","modified_gmt":"2026-08-04T14:36:04","slug":"baby","status":"publish","type":"page","link":"https:\/\/kirstengomez.es\/?page_id=804","title":{"rendered":""},"content":{"rendered":"\n\n\n<div style=\"height:50px\" aria-hidden=\"true\" class=\"wp-block-spacer\"><\/div>\n\n\n\n<div data-wp-context=\"{ &quot;autoclose&quot;: false, &quot;accordionItems&quot;: [] }\" data-wp-interactive=\"core\/accordion\" role=\"group\" class=\"wp-block-accordion is-layout-flow wp-block-accordion-is-layout-flow\">\n<div data-wp-class--is-open=\"state.isOpen\" data-wp-context=\"{ &quot;id&quot;: &quot;accordion-item-1&quot;, &quot;openByDefault&quot;: false }\" data-wp-init=\"callbacks.initAccordionItems\" data-wp-on-window--hashchange=\"callbacks.hashChange\" class=\"wp-block-accordion-item is-layout-flow wp-block-accordion-item-is-layout-flow\">\n<h3 class=\"wp-block-accordion-heading has-third-color has-text-color has-link-color has-secondary-font-family wp-elements-33b335806ff0abbdb4808d1828b8bd64\" style=\"font-size:24px\"><button aria-expanded=\"false\" aria-controls=\"accordion-item-1-panel\" data-wp-bind--aria-expanded=\"state.isOpen\" data-wp-on--click=\"actions.toggle\" data-wp-on--keydown=\"actions.handleKeyDown\" id=\"accordion-item-1\" type=\"button\" class=\"wp-block-accordion-heading__toggle\"><span class=\"wp-block-accordion-heading__toggle-title\">\u00bfD\u00f3nde realizo la sesi\u00f3n de fotos?<\/span><span class=\"wp-block-accordion-heading__toggle-icon\" aria-hidden=\"true\">+<\/span><\/button><\/h3>\n\n\n\n<div inert aria-labelledby=\"accordion-item-1\" data-wp-bind--inert=\"!state.isOpen\" id=\"accordion-item-1-panel\" role=\"region\" class=\"wp-block-accordion-panel is-layout-flow wp-block-accordion-panel-is-layout-flow\">\n<p class=\"has-third-color has-text-color has-link-color has-secondary-font-family wp-elements-35a48f97cae3c93d7df63faa23d406c9 wp-block-paragraph\" style=\"font-size:16px\">Tu sesi\u00f3n de beb\u00e9 se realizar\u00e1 <strong>en mi estudio Girona<\/strong>. No hago sesiones en domicilios porque el estudio est\u00e1 acondicionado y pensado las sesiones de fotos con los beb\u00e9s y todo esta a mano.<\/p>\n\n\n\n<p class=\"has-third-color has-text-color has-link-color has-secondary-font-family wp-elements-3a0e8f5cc6a8131bf40bb1123f5d6558 wp-block-paragraph\" style=\"font-size:16px\">Estas sesiones se realizan de lunes a s\u00e1bado.<\/p>\n\n\n\n<p class=\"has-third-color has-text-color has-link-color has-secondary-font-family wp-elements-9532e4238e6f860d7db2af0e61b35d48 wp-block-paragraph\" style=\"font-size:16px\">Son sesiones cortas en las que hacemos fotos para que el beb\u00e9 se lo pase bien. M\u00fasica, mu\u00f1ecos, y todo lo que haga falta para sacarle muchas sonrisas.&nbsp;&nbsp;<\/p>\n<\/div>\n<\/div>\n\n\n\n<div data-wp-class--is-open=\"state.isOpen\" data-wp-context=\"{ &quot;id&quot;: &quot;accordion-item-2&quot;, &quot;openByDefault&quot;: false }\" data-wp-init=\"callbacks.initAccordionItems\" data-wp-on-window--hashchange=\"callbacks.hashChange\" class=\"wp-block-accordion-item is-layout-flow wp-block-accordion-item-is-layout-flow\">\n<h3 class=\"wp-block-accordion-heading has-third-color has-text-color has-link-color has-secondary-font-family wp-elements-cce09284d05cc12ffd1267f89e24894a\" style=\"font-size:24px\"><button aria-expanded=\"false\" aria-controls=\"accordion-item-2-panel\" data-wp-bind--aria-expanded=\"state.isOpen\" data-wp-on--click=\"actions.toggle\" data-wp-on--keydown=\"actions.handleKeyDown\" id=\"accordion-item-2\" type=\"button\" class=\"wp-block-accordion-heading__toggle\"><span class=\"wp-block-accordion-heading__toggle-title\">\u00bf<strong>Cuando reservar tu sesi\u00f3n de beb\u00e9<\/strong>?<\/span><span class=\"wp-block-accordion-heading__toggle-icon\" aria-hidden=\"true\">+<\/span><\/button><\/h3>\n\n\n\n<div inert aria-labelledby=\"accordion-item-2\" data-wp-bind--inert=\"!state.isOpen\" id=\"accordion-item-2-panel\" role=\"region\" class=\"wp-block-accordion-panel is-layout-flow wp-block-accordion-panel-is-layout-flow\">\n<p class=\"has-third-color has-text-color has-link-color has-secondary-font-family wp-elements-cd1c690fa98ae74f6c6f858e2a5eaa0d wp-block-paragraph\" style=\"font-size:16px\">Con una semana de antelaci\u00f3n. Despu\u00e9s de las dos semanas de edad, suelen aparecer los c\u00f3licos y eso provoca que el beb\u00e9 no pueda dormir con tanta facilidad. Debido a esto tambi\u00e9n es preferible escoger la hora de la sesi\u00f3n de ma\u00f1anas.&nbsp;<\/p>\n\n\n\n<p class=\"has-third-color has-text-color has-link-color has-secondary-font-family wp-elements-fcd827e42d00b9f51ac6debe85a85560 wp-block-paragraph\" style=\"font-size:16px\">La reserva la ten\u00e9is que hacer cuando haya nacido el beb\u00e9, ya que puede variar la fecha del nacimiento dependiendo de las circunstancias, prefiero hacer la reserva del d\u00eda a partir de su nacimiento, y de ah\u00ed escogemos el d\u00eda que os vaya mejor y se os adapte mejor a la vuestra nueva rutina. Hay que contar tambi\u00e9n que ser\u00e1 una semana de mucho papeleo.&nbsp;<\/p>\n\n\n\n<p class=\"has-third-color has-text-color has-link-color has-secondary-font-family wp-elements-4ad116d63993461928e62987b9eb9b12 wp-block-paragraph\" style=\"font-size:16px\"><\/p>\n\n\n\n<p class=\"wp-block-paragraph\"><\/p>\n<\/div>\n<\/div>\n\n\n\n<div data-wp-class--is-open=\"state.isOpen\" data-wp-context=\"{ &quot;id&quot;: &quot;accordion-item-3&quot;, &quot;openByDefault&quot;: false }\" data-wp-init=\"callbacks.initAccordionItems\" data-wp-on-window--hashchange=\"callbacks.hashChange\" class=\"wp-block-accordion-item is-layout-flow wp-block-accordion-item-is-layout-flow\">\n<h3 class=\"wp-block-accordion-heading has-third-color has-text-color has-link-color has-secondary-font-family wp-elements-0fbd2048782fc70793269d72e04c39c9\" style=\"font-size:24px\"><button aria-expanded=\"false\" aria-controls=\"accordion-item-3-panel\" data-wp-bind--aria-expanded=\"state.isOpen\" data-wp-on--click=\"actions.toggle\" data-wp-on--keydown=\"actions.handleKeyDown\" id=\"accordion-item-3\" type=\"button\" class=\"wp-block-accordion-heading__toggle\"><span class=\"wp-block-accordion-heading__toggle-title\"><strong>Vestuario y atrezo<\/strong><\/span><span class=\"wp-block-accordion-heading__toggle-icon\" aria-hidden=\"true\">+<\/span><\/button><\/h3>\n\n\n\n<div inert aria-labelledby=\"accordion-item-3\" data-wp-bind--inert=\"!state.isOpen\" id=\"accordion-item-3-panel\" role=\"region\" class=\"wp-block-accordion-panel is-layout-flow wp-block-accordion-panel-is-layout-flow\">\n<p class=\"has-third-color has-text-color has-link-color has-secondary-font-family wp-elements-01179cd35ccf1baf345cd10273d210a8 wp-block-paragraph\" style=\"font-size:16px\">Podr\u00e9is escoger el vestuario de la sesi\u00f3n y el atrezo que quer\u00e1is para vuestra fotograf\u00eda. <strong>3 cambios de vestuario<\/strong>. Lo pod\u00e9is hacer d\u00edas antes mirando las im\u00e1genes de referencia de Instagram o la web, o bien hacerlo el mismo d\u00eda de la sesi\u00f3n. Lo ideal es saber qu\u00e9 colores os gustan para poder ofreceros las diferentes opciones que hay.<\/p>\n\n\n\n<p class=\"has-third-color has-text-color has-link-color has-secondary-font-family wp-elements-ea3e42cd93c5b80decc09e208e2e6659 wp-block-paragraph\" style=\"font-size:16px\">En el estudio dispongo de gran variedad de atrezo en diferentes colores y diferentes objetos de decoraci\u00f3n que podr\u00e9is escoger durante la sesi\u00f3n o si quer\u00e9is pod\u00e9is buscar por mi Instagram o por la web lo que m\u00e1s os guste y envi\u00e1rmelo.&nbsp;<\/p>\n\n\n\n<p class=\"has-third-color has-text-color has-link-color has-secondary-font-family wp-elements-9a201b400da6e50601db214b684cd2d2 wp-block-paragraph\" style=\"font-size:16px\">Hago varios cambios de escenario y diferente atrezo para hacer diferentes fotograf\u00edas de una misma sesi\u00f3n y tener variedad para escoger. Si quer\u00e9is pod\u00e9is traer su peluche favorito.&nbsp;<\/p>\n\n\n\n<p class=\"has-third-color has-text-color has-link-color has-secondary-font-family wp-elements-07045d9136f8f30afa5c4ec802a501c4 wp-block-paragraph\" style=\"font-size:16px\">En este caso si ten\u00e9is que traer vuestros mejores conjuntitos porque no tengo ropa para todas las edades. Si pod\u00e9is enviarme una fotito del conjuntito para que pueda saber que decorados pensar para la sesi\u00f3n \u00a1ser\u00eda maravilloso!&nbsp;&nbsp;<\/p>\n\n\n\n<p class=\"has-third-color has-text-color has-link-color has-secondary-font-family wp-elements-4ad116d63993461928e62987b9eb9b12 wp-block-paragraph\" style=\"font-size:16px\"><\/p>\n<\/div>\n<\/div>\n\n\n\n<div data-wp-class--is-open=\"state.isOpen\" data-wp-context=\"{ &quot;id&quot;: &quot;accordion-item-4&quot;, &quot;openByDefault&quot;: false }\" data-wp-init=\"callbacks.initAccordionItems\" data-wp-on-window--hashchange=\"callbacks.hashChange\" class=\"wp-block-accordion-item is-layout-flow wp-block-accordion-item-is-layout-flow\">\n<h3 class=\"wp-block-accordion-heading has-third-color has-text-color has-link-color has-secondary-font-family wp-elements-39b3fadd5bf344310ef4000215edd740\" style=\"font-size:24px\"><button aria-expanded=\"false\" aria-controls=\"accordion-item-4-panel\" data-wp-bind--aria-expanded=\"state.isOpen\" data-wp-on--click=\"actions.toggle\" data-wp-on--keydown=\"actions.handleKeyDown\" id=\"accordion-item-4\" type=\"button\" class=\"wp-block-accordion-heading__toggle\"><span class=\"wp-block-accordion-heading__toggle-title\"><strong>\u00bf<strong>Cu\u00e1les son los precios de la sesi\u00f3n?  <\/strong><\/strong><\/span><span class=\"wp-block-accordion-heading__toggle-icon\" aria-hidden=\"true\">+<\/span><\/button><\/h3>\n\n\n\n<div inert aria-labelledby=\"accordion-item-4\" data-wp-bind--inert=\"!state.isOpen\" id=\"accordion-item-4-panel\" role=\"region\" class=\"wp-block-accordion-panel is-layout-flow wp-block-accordion-panel-is-layout-flow\">\n<p class=\"has-third-color has-text-color has-link-color has-secondary-font-family wp-elements-f86bb3f82f0f259f2affc447822b1fa0 wp-block-paragraph\" style=\"font-size:16px\">Hay diferentes packs que se adaptan a tu presupuesto y clicando en este enlace os reenviar\u00e1 al enlace donde aparecen y podr\u00e9is hacer la reserva. En la cual es necesario hacer una paga y se\u00f1al para reservar tu hora. <\/p>\n\n\n\n<div style=\"height:39px\" aria-hidden=\"true\" class=\"wp-block-spacer\"><\/div>\n\n\n\n<div class=\"wp-block-buttons is-content-justification-center is-layout-flex wp-container-core-buttons-is-layout-3e41869c wp-block-buttons-is-layout-flex\">\n<div class=\"wp-block-button\"><a class=\"wp-block-button__link wp-element-button\" href=\"https:\/\/formularios.adminphoto.com\/formularioreservacampos\/public\/509cab58b1468fcc\">RESERVA<\/a><\/div>\n<\/div>\n\n\n\n<p class=\"wp-block-paragraph\"><\/p>\n\n\n\n<p class=\"has-third-color has-text-color has-link-color has-secondary-font-family wp-elements-4ad116d63993461928e62987b9eb9b12 wp-block-paragraph\" style=\"font-size:16px\"><\/p>\n\n\n\n<p class=\"has-third-color has-text-color has-link-color has-secondary-font-family wp-elements-4ad116d63993461928e62987b9eb9b12 wp-block-paragraph\" style=\"font-size:16px\"><\/p>\n\n\n\n<p class=\"wp-block-paragraph\"><\/p>\n<\/div>\n<\/div>\n\n\n\n<div data-wp-class--is-open=\"state.isOpen\" data-wp-context=\"{ &quot;id&quot;: &quot;accordion-item-5&quot;, &quot;openByDefault&quot;: false }\" data-wp-init=\"callbacks.initAccordionItems\" data-wp-on-window--hashchange=\"callbacks.hashChange\" class=\"wp-block-accordion-item is-layout-flow wp-block-accordion-item-is-layout-flow\">\n<h3 class=\"wp-block-accordion-heading has-third-color has-text-color has-link-color has-secondary-font-family wp-elements-ed804da1d754bf771e385afb2d18fa55\" style=\"font-size:24px\"><button aria-expanded=\"false\" aria-controls=\"accordion-item-5-panel\" data-wp-bind--aria-expanded=\"state.isOpen\" data-wp-on--click=\"actions.toggle\" data-wp-on--keydown=\"actions.handleKeyDown\" id=\"accordion-item-5\" type=\"button\" class=\"wp-block-accordion-heading__toggle\"><span class=\"wp-block-accordion-heading__toggle-title\"><strong>\u00bf<strong>C\u00f3mo puedo ver la agenda disponible?  <\/strong><\/strong><\/span><span class=\"wp-block-accordion-heading__toggle-icon\" aria-hidden=\"true\">+<\/span><\/button><\/h3>\n\n\n\n<div inert aria-labelledby=\"accordion-item-5\" data-wp-bind--inert=\"!state.isOpen\" id=\"accordion-item-5-panel\" role=\"region\" class=\"wp-block-accordion-panel is-layout-flow wp-block-accordion-panel-is-layout-flow\">\n<p class=\"has-third-color has-text-color has-link-color has-secondary-font-family wp-elements-7bf1163b091064f0645e79c50425b625 wp-block-paragraph\" style=\"font-size:16px\">Clicando en este enlace os reenviar\u00e1 en la agenda donde podr\u00e9is consultar las fechas y reservar vuestra cita.&nbsp;<\/p>\n\n\n\n<div style=\"height:39px\" aria-hidden=\"true\" class=\"wp-block-spacer\"><\/div>\n\n\n\n<div class=\"wp-block-buttons is-content-justification-center is-layout-flex wp-container-core-buttons-is-layout-3e41869c wp-block-buttons-is-layout-flex\">\n<div class=\"wp-block-button\"><a class=\"wp-block-button__link wp-element-button\" href=\"https:\/\/formularios.adminphoto.com\/formularioreservacampos\/public\/509cab58b1468fcc\">RESERVA<\/a><\/div>\n<\/div>\n\n\n\n<p class=\"wp-block-paragraph\"><\/p>\n<\/div>\n<\/div>\n\n\n\n<div data-wp-class--is-open=\"state.isOpen\" data-wp-context=\"{ &quot;id&quot;: &quot;accordion-item-6&quot;, &quot;openByDefault&quot;: false }\" data-wp-init=\"callbacks.initAccordionItems\" data-wp-on-window--hashchange=\"callbacks.hashChange\" class=\"wp-block-accordion-item is-layout-flow wp-block-accordion-item-is-layout-flow\">\n<h3 class=\"wp-block-accordion-heading has-third-color has-text-color has-link-color has-secondary-font-family wp-elements-05d4fb362fa460f6bea686f199d5602d\" style=\"font-size:24px\"><button aria-expanded=\"false\" aria-controls=\"accordion-item-6-panel\" data-wp-bind--aria-expanded=\"state.isOpen\" data-wp-on--click=\"actions.toggle\" data-wp-on--keydown=\"actions.handleKeyDown\" id=\"accordion-item-6\" type=\"button\" class=\"wp-block-accordion-heading__toggle\"><span class=\"wp-block-accordion-heading__toggle-title\"><strong>\u00bfCu\u00e1l es el tiempo de entrega de las fotos?<\/strong><\/span><span class=\"wp-block-accordion-heading__toggle-icon\" aria-hidden=\"true\">+<\/span><\/button><\/h3>\n\n\n\n<div inert aria-labelledby=\"accordion-item-6\" data-wp-bind--inert=\"!state.isOpen\" id=\"accordion-item-6-panel\" role=\"region\" class=\"wp-block-accordion-panel is-layout-flow wp-block-accordion-panel-is-layout-flow\">\n<p class=\"has-third-color has-text-color has-link-color has-secondary-font-family wp-elements-6bb72a1fc2137cdcb77546ff385e323e wp-block-paragraph\" style=\"font-size:16px\">El plazo de entrega del reportaje ser\u00e1 de&nbsp;<strong>1 semana despu\u00e9s<\/strong>&nbsp;del d\u00eda que escoj\u00e1is las fotos finales. En caso de escoger productos como \u00e1lbumes, el plazo de entrega&nbsp;de este&nbsp;depender\u00e1 del tiempo de producci\u00f3n, que suele oscilar 8 d\u00edas h\u00e1biles.&nbsp;<\/p>\n\n\n\n<p class=\"has-third-color has-text-color has-link-color has-secondary-font-family wp-elements-806adc9a6ec5bad9150252cb8ee6ddda wp-block-paragraph\" style=\"font-size:16px\">* El plazo de entrega puede verse alterado en fechas se\u00f1aladas como vacaciones, \u00e9poca de comuniones o&nbsp;Navidad.<\/p>\n\n\n\n<div style=\"height:39px\" aria-hidden=\"true\" class=\"wp-block-spacer\"><\/div>\n\n\n\n<p class=\"wp-block-paragraph\"><\/p>\n<\/div>\n<\/div>\n\n\n\n<div data-wp-class--is-open=\"state.isOpen\" data-wp-context=\"{ &quot;id&quot;: &quot;accordion-item-7&quot;, &quot;openByDefault&quot;: false }\" data-wp-init=\"callbacks.initAccordionItems\" data-wp-on-window--hashchange=\"callbacks.hashChange\" class=\"wp-block-accordion-item is-layout-flow wp-block-accordion-item-is-layout-flow\">\n<h3 class=\"wp-block-accordion-heading has-third-color has-text-color has-link-color has-secondary-font-family wp-elements-88dbe6a6cc59e68f42229bd4473defce\" style=\"font-size:24px\"><button aria-expanded=\"false\" aria-controls=\"accordion-item-7-panel\" data-wp-bind--aria-expanded=\"state.isOpen\" data-wp-on--click=\"actions.toggle\" data-wp-on--keydown=\"actions.handleKeyDown\" id=\"accordion-item-7\" type=\"button\" class=\"wp-block-accordion-heading__toggle\"><span class=\"wp-block-accordion-heading__toggle-title\"><strong>\u00bfCu\u00e1l es la forma de pago?<\/strong><\/span><span class=\"wp-block-accordion-heading__toggle-icon\" aria-hidden=\"true\">+<\/span><\/button><\/h3>\n\n\n\n<div inert aria-labelledby=\"accordion-item-7\" data-wp-bind--inert=\"!state.isOpen\" id=\"accordion-item-7-panel\" role=\"region\" class=\"wp-block-accordion-panel is-layout-flow wp-block-accordion-panel-is-layout-flow\">\n<p class=\"has-third-color has-text-color has-link-color has-secondary-font-family wp-elements-c90b30cb7a86cef951a04399531d9525 wp-block-paragraph\" style=\"font-size:16px\">Para la reserva de la sesi\u00f3n&nbsp;pido una paga y se\u00f1al. El resto del importe ser\u00e1 abonado en efectivo el mismo d\u00eda de la sesi\u00f3n, al finalizarla.&nbsp;O por transferencia. (no dispongo de Bizum)<\/p>\n\n\n\n<p class=\"has-third-color has-text-color has-link-color has-secondary-font-family wp-elements-309ddd1cc67f56b0e607b2e73852dc97 wp-block-paragraph\" style=\"font-size:16px\">El importe de la reserva no es&nbsp;retornable en ning\u00fan caso.<\/p>\n\n\n\n<p class=\"has-third-color has-text-color has-link-color has-secondary-font-family wp-elements-a01e1afa230f1ad602f7343c05ca6e9e wp-block-paragraph\" style=\"font-size:16px\">Si quisieras a\u00f1adir m\u00e1s fotograf\u00edas para completar tu reportaje, puedes hacerlo por 10\u20ac\/foto. Cada fotograf\u00eda adicional ser\u00e1 entregada en digital a m\u00e1xima resoluci\u00f3n y editada. NO entregamos nunca ning\u00fan archivo sin editar. Tampoco se entregan todas las fotograf\u00edas sin editar.&nbsp;<\/p>\n\n\n\n<div style=\"height:39px\" aria-hidden=\"true\" class=\"wp-block-spacer\"><\/div>\n<\/div>\n<\/div>\n<\/div>\n\n\n\n<div style=\"height:53px\" aria-hidden=\"true\" class=\"wp-block-spacer\"><\/div>\n\n\n\n<figure class=\"wp-block-gallery has-nested-images columns-default is-cropped wp-block-gallery-8 is-layout-flex wp-block-gallery-is-layout-flex\">\n<figure class=\"wp-block-image size-large\"><img fetchpriority=\"high\" decoding=\"async\" width=\"682\" height=\"1024\" data-id=\"816\" src=\"http:\/\/kirstengomez.es\/v2\/wp-content\/uploads\/2025\/01\/KAITLYN-13-682x1024.jpg\" alt=\"\" class=\"wp-image-816\" srcset=\"https:\/\/kirstengomez.es\/wp-content\/uploads\/2025\/01\/KAITLYN-13-682x1024.jpg 682w, https:\/\/kirstengomez.es\/wp-content\/uploads\/2025\/01\/KAITLYN-13-200x300.jpg 200w, https:\/\/kirstengomez.es\/wp-content\/uploads\/2025\/01\/KAITLYN-13.jpg 733w\" sizes=\"(max-width: 682px) 100vw, 682px\" \/><\/figure>\n\n\n\n<figure class=\"wp-block-image size-large\"><img decoding=\"async\" width=\"682\" height=\"1024\" data-id=\"815\" src=\"http:\/\/kirstengomez.es\/v2\/wp-content\/uploads\/2025\/01\/KAITLYN-55-682x1024.jpg\" alt=\"\" class=\"wp-image-815\" srcset=\"https:\/\/kirstengomez.es\/wp-content\/uploads\/2025\/01\/KAITLYN-55-682x1024.jpg 682w, https:\/\/kirstengomez.es\/wp-content\/uploads\/2025\/01\/KAITLYN-55-200x300.jpg 200w, https:\/\/kirstengomez.es\/wp-content\/uploads\/2025\/01\/KAITLYN-55.jpg 733w\" sizes=\"(max-width: 682px) 100vw, 682px\" \/><\/figure>\n\n\n\n<figure class=\"wp-block-image size-large\"><img decoding=\"async\" width=\"682\" height=\"1024\" data-id=\"817\" src=\"https:\/\/kirstengomez.es\/v2\/wp-content\/uploads\/2025\/01\/KAITLYN-23-682x1024.jpg\" alt=\"\" class=\"wp-image-817\" srcset=\"https:\/\/kirstengomez.es\/wp-content\/uploads\/2025\/01\/KAITLYN-23-682x1024.jpg 682w, https:\/\/kirstengomez.es\/wp-content\/uploads\/2025\/01\/KAITLYN-23-200x300.jpg 200w, https:\/\/kirstengomez.es\/wp-content\/uploads\/2025\/01\/KAITLYN-23.jpg 733w\" sizes=\"(max-width: 682px) 100vw, 682px\" \/><\/figure>\n\n\n\n<figure class=\"wp-block-image size-large\"><img loading=\"lazy\" decoding=\"async\" width=\"1024\" height=\"682\" data-id=\"801\" src=\"http:\/\/kirstengomez.es\/v2\/wp-content\/uploads\/2025\/01\/MARIALOGAN-12-1024x682.jpg\" alt=\"\" class=\"wp-image-801\" srcset=\"https:\/\/kirstengomez.es\/wp-content\/uploads\/2025\/01\/MARIALOGAN-12-1024x682.jpg 1024w, https:\/\/kirstengomez.es\/wp-content\/uploads\/2025\/01\/MARIALOGAN-12-300x200.jpg 300w, https:\/\/kirstengomez.es\/wp-content\/uploads\/2025\/01\/MARIALOGAN-12-768x512.jpg 768w, https:\/\/kirstengomez.es\/wp-content\/uploads\/2025\/01\/MARIALOGAN-12.jpg 1100w\" sizes=\"(max-width: 1024px) 100vw, 1024px\" \/><\/figure>\n\n\n\n<figure class=\"wp-block-image size-large\"><img loading=\"lazy\" decoding=\"async\" width=\"682\" height=\"1024\" data-id=\"818\" src=\"http:\/\/kirstengomez.es\/v2\/wp-content\/uploads\/2025\/01\/KAITLYN-29-682x1024.jpg\" alt=\"\" class=\"wp-image-818\" srcset=\"https:\/\/kirstengomez.es\/wp-content\/uploads\/2025\/01\/KAITLYN-29-682x1024.jpg 682w, https:\/\/kirstengomez.es\/wp-content\/uploads\/2025\/01\/KAITLYN-29-200x300.jpg 200w, https:\/\/kirstengomez.es\/wp-content\/uploads\/2025\/01\/KAITLYN-29.jpg 733w\" sizes=\"(max-width: 682px) 100vw, 682px\" \/><\/figure>\n\n\n\n<figure class=\"wp-block-image size-large\"><img loading=\"lazy\" decoding=\"async\" width=\"682\" height=\"1024\" data-id=\"821\" src=\"https:\/\/kirstengomez.es\/v2\/wp-content\/uploads\/2025\/01\/KAITLYN-65-682x1024.jpg\" alt=\"\" class=\"wp-image-821\" srcset=\"https:\/\/kirstengomez.es\/wp-content\/uploads\/2025\/01\/KAITLYN-65-682x1024.jpg 682w, https:\/\/kirstengomez.es\/wp-content\/uploads\/2025\/01\/KAITLYN-65-200x300.jpg 200w, https:\/\/kirstengomez.es\/wp-content\/uploads\/2025\/01\/KAITLYN-65.jpg 733w\" sizes=\"(max-width: 682px) 100vw, 682px\" \/><\/figure>\n\n\n\n<figure class=\"wp-block-image size-large\"><img loading=\"lazy\" decoding=\"async\" width=\"1024\" height=\"682\" data-id=\"819\" src=\"http:\/\/kirstengomez.es\/v2\/wp-content\/uploads\/2025\/01\/KAITLYN-41-1024x682.jpg\" alt=\"\" class=\"wp-image-819\" srcset=\"https:\/\/kirstengomez.es\/wp-content\/uploads\/2025\/01\/KAITLYN-41-1024x682.jpg 1024w, https:\/\/kirstengomez.es\/wp-content\/uploads\/2025\/01\/KAITLYN-41-300x200.jpg 300w, https:\/\/kirstengomez.es\/wp-content\/uploads\/2025\/01\/KAITLYN-41-768x512.jpg 768w, https:\/\/kirstengomez.es\/wp-content\/uploads\/2025\/01\/KAITLYN-41.jpg 1100w\" sizes=\"(max-width: 1024px) 100vw, 1024px\" \/><\/figure>\n\n\n\n<figure class=\"wp-block-image size-large\"><img loading=\"lazy\" decoding=\"async\" width=\"1024\" height=\"682\" data-id=\"822\" src=\"https:\/\/kirstengomez.es\/v2\/wp-content\/uploads\/2025\/01\/MARIALOGAN-15-1024x682.jpg\" alt=\"\" class=\"wp-image-822\" srcset=\"https:\/\/kirstengomez.es\/wp-content\/uploads\/2025\/01\/MARIALOGAN-15-1024x682.jpg 1024w, https:\/\/kirstengomez.es\/wp-content\/uploads\/2025\/01\/MARIALOGAN-15-300x200.jpg 300w, https:\/\/kirstengomez.es\/wp-content\/uploads\/2025\/01\/MARIALOGAN-15-768x512.jpg 768w, https:\/\/kirstengomez.es\/wp-content\/uploads\/2025\/01\/MARIALOGAN-15.jpg 1100w\" sizes=\"(max-width: 1024px) 100vw, 1024px\" \/><\/figure>\n\n\n\n<figure class=\"wp-block-image size-large\"><img loading=\"lazy\" decoding=\"async\" width=\"1024\" height=\"682\" data-id=\"823\" src=\"https:\/\/kirstengomez.es\/v2\/wp-content\/uploads\/2025\/01\/CHLOE-17-1024x682.jpg\" alt=\"\" class=\"wp-image-823\" srcset=\"https:\/\/kirstengomez.es\/wp-content\/uploads\/2025\/01\/CHLOE-17-1024x682.jpg 1024w, https:\/\/kirstengomez.es\/wp-content\/uploads\/2025\/01\/CHLOE-17-300x200.jpg 300w, https:\/\/kirstengomez.es\/wp-content\/uploads\/2025\/01\/CHLOE-17-768x512.jpg 768w, https:\/\/kirstengomez.es\/wp-content\/uploads\/2025\/01\/CHLOE-17.jpg 1100w\" sizes=\"(max-width: 1024px) 100vw, 1024px\" \/><\/figure>\n<\/figure>\n","protected":false},"excerpt":{"rendered":"","protected":false},"author":1,"featured_media":0,"parent":0,"menu_order":0,"comment_status":"closed","ping_status":"closed","template":"wp-custom-template-baby","meta":{"footnotes":""},"class_list":["post-804","page","type-page","status-publish","hentry"],"jetpack_sharing_enabled":true,"_links":{"self":[{"href":"https:\/\/kirstengomez.es\/index.php?rest_route=\/wp\/v2\/pages\/804","targetHints":{"allow":["GET"]}}],"collection":[{"href":"https:\/\/kirstengomez.es\/index.php?rest_route=\/wp\/v2\/pages"}],"about":[{"href":"https:\/\/kirstengomez.es\/index.php?rest_route=\/wp\/v2\/types\/page"}],"author":[{"embeddable":true,"href":"https:\/\/kirstengomez.es\/index.php?rest_route=\/wp\/v2\/users\/1"}],"replies":[{"embeddable":true,"href":"https:\/\/kirstengomez.es\/index.php?rest_route=%2Fwp%2Fv2%2Fcomments&post=804"}],"version-history":[{"count":40,"href":"https:\/\/kirstengomez.es\/index.php?rest_route=\/wp\/v2\/pages\/804\/revisions"}],"predecessor-version":[{"id":2488,"href":"https:\/\/kirstengomez.es\/index.php?rest_route=\/wp\/v2\/pages\/804\/revisions\/2488"}],"wp:attachment":[{"href":"https:\/\/kirstengomez.es\/index.php?rest_route=%2Fwp%2Fv2%2Fmedia&parent=804"}],"curies":[{"name":"wp","href":"https:\/\/api.w.org\/{rel}","templated":true}]}}