{"id":345,"date":"2023-06-05T12:15:00","date_gmt":"2023-06-05T12:15:00","guid":{"rendered":"https:\/\/kirstengomez.es\/v2\/?page_id=345"},"modified":"2026-08-07T09:43:49","modified_gmt":"2026-08-07T09:43:49","slug":"familia","status":"publish","type":"page","link":"https:\/\/kirstengomez.es\/?page_id=345","title":{"rendered":"Familia"},"content":{"rendered":"\n<div style=\"height:28px\" aria-hidden=\"true\" class=\"wp-block-spacer\"><\/div>\n\n\n\n<p class=\"wp-block-paragraph\">Crea un bonito recuerdo de tu preciosa familia para poder colgarla en cualquier rinc\u00f3n de tu casa. <\/p>\n\n\n\n<p class=\"wp-block-paragraph\">Las sesiones de fotograf\u00eda de familia est\u00e1n pensadas para capturar lo m\u00e1s importante: las personas (y seres) que forman parte de tu vida. Cuando hablamos de familia, no nos referimos \u00fanicamente a padres e hijos, sino a todos aquellos v\u00ednculos que construyen tu historia.<\/p>\n\n\n\n<p class=\"wp-block-paragraph\">Estas sesiones incluyen a quienes t\u00fa consideres parte de tu familia: abuelos, hermanos, cu\u00f1ados, primos\u2026 e incluso tus mascotas, que tambi\u00e9n ocupan un lugar especial en el d\u00eda a d\u00eda. El objetivo es reflejar la conexi\u00f3n, la complicidad y la esencia de cada relaci\u00f3n, creando recuerdos aut\u00e9nticos y llenos de significado.<\/p>\n\n\n\n<p class=\"wp-block-paragraph\">Cada familia es \u00fanica, y por eso cada sesi\u00f3n se adapta a vuestra forma de ser, para que pod\u00e1is sentiros c\u00f3modos y disfrutar del momento mientras se crean im\u00e1genes naturales y atemporales.<\/p>\n\n\n\n<div style=\"height:50px\" aria-hidden=\"true\" class=\"wp-block-spacer\"><\/div>\n\n\n\n\n\n<div style=\"height:25px\" aria-hidden=\"true\" class=\"wp-block-spacer\"><\/div>\n\n\n\n<figure class=\"wp-block-gallery has-nested-images columns-default is-cropped wp-block-gallery-7 is-layout-flex wp-block-gallery-is-layout-flex\">\n<figure class=\"wp-block-image size-large\"><img fetchpriority=\"high\" decoding=\"async\" width=\"682\" height=\"1024\" data-id=\"783\" src=\"https:\/\/kirstengomez.es\/v2\/wp-content\/uploads\/2025\/01\/ARI-1-682x1024.jpg\" alt=\"\" class=\"wp-image-783\" srcset=\"https:\/\/kirstengomez.es\/wp-content\/uploads\/2025\/01\/ARI-1-682x1024.jpg 682w, https:\/\/kirstengomez.es\/wp-content\/uploads\/2025\/01\/ARI-1-200x300.jpg 200w, https:\/\/kirstengomez.es\/wp-content\/uploads\/2025\/01\/ARI-1.jpg 733w\" sizes=\"(max-width: 682px) 100vw, 682px\" \/><\/figure>\n\n\n\n<figure class=\"wp-block-image size-large\"><img decoding=\"async\" width=\"682\" height=\"1024\" data-id=\"790\" src=\"https:\/\/kirstengomez.es\/v2\/wp-content\/uploads\/2025\/01\/MARIALOGAN-8-1-682x1024.jpg\" alt=\"\" class=\"wp-image-790\" srcset=\"https:\/\/kirstengomez.es\/wp-content\/uploads\/2025\/01\/MARIALOGAN-8-1-682x1024.jpg 682w, https:\/\/kirstengomez.es\/wp-content\/uploads\/2025\/01\/MARIALOGAN-8-1-200x300.jpg 200w, https:\/\/kirstengomez.es\/wp-content\/uploads\/2025\/01\/MARIALOGAN-8-1.jpg 733w\" sizes=\"(max-width: 682px) 100vw, 682px\" \/><\/figure>\n\n\n\n<figure class=\"wp-block-image size-large\"><img decoding=\"async\" width=\"682\" height=\"1024\" data-id=\"784\" src=\"http:\/\/kirstengomez.es\/v2\/wp-content\/uploads\/2025\/01\/ARI-29-682x1024.jpg\" alt=\"\" class=\"wp-image-784\" srcset=\"https:\/\/kirstengomez.es\/wp-content\/uploads\/2025\/01\/ARI-29-682x1024.jpg 682w, https:\/\/kirstengomez.es\/wp-content\/uploads\/2025\/01\/ARI-29-200x300.jpg 200w, https:\/\/kirstengomez.es\/wp-content\/uploads\/2025\/01\/ARI-29.jpg 733w\" sizes=\"(max-width: 682px) 100vw, 682px\" \/><\/figure>\n\n\n\n<figure class=\"wp-block-image size-large\"><img loading=\"lazy\" decoding=\"async\" width=\"1024\" height=\"682\" data-id=\"786\" src=\"https:\/\/kirstengomez.es\/v2\/wp-content\/uploads\/2025\/01\/FAMILY-9-1024x682.jpg\" alt=\"\" class=\"wp-image-786\" srcset=\"https:\/\/kirstengomez.es\/wp-content\/uploads\/2025\/01\/FAMILY-9-1024x682.jpg 1024w, https:\/\/kirstengomez.es\/wp-content\/uploads\/2025\/01\/FAMILY-9-300x200.jpg 300w, https:\/\/kirstengomez.es\/wp-content\/uploads\/2025\/01\/FAMILY-9-768x512.jpg 768w, https:\/\/kirstengomez.es\/wp-content\/uploads\/2025\/01\/FAMILY-9.jpg 1100w\" sizes=\"(max-width: 1024px) 100vw, 1024px\" \/><\/figure>\n\n\n\n<figure class=\"wp-block-image size-full\"><img loading=\"lazy\" decoding=\"async\" width=\"733\" height=\"488\" data-id=\"787\" src=\"http:\/\/kirstengomez.es\/v2\/wp-content\/uploads\/2025\/01\/FAMILY-23-1.jpg\" alt=\"\" class=\"wp-image-787\" srcset=\"https:\/\/kirstengomez.es\/wp-content\/uploads\/2025\/01\/FAMILY-23-1.jpg 733w, https:\/\/kirstengomez.es\/wp-content\/uploads\/2025\/01\/FAMILY-23-1-300x200.jpg 300w\" sizes=\"(max-width: 733px) 100vw, 733px\" \/><\/figure>\n\n\n\n<figure class=\"wp-block-image size-large\"><img loading=\"lazy\" decoding=\"async\" width=\"1024\" height=\"682\" data-id=\"788\" src=\"http:\/\/kirstengomez.es\/v2\/wp-content\/uploads\/2025\/01\/FAMILY-19-1024x682.jpg\" alt=\"\" class=\"wp-image-788\" srcset=\"https:\/\/kirstengomez.es\/wp-content\/uploads\/2025\/01\/FAMILY-19-1024x682.jpg 1024w, https:\/\/kirstengomez.es\/wp-content\/uploads\/2025\/01\/FAMILY-19-300x200.jpg 300w, https:\/\/kirstengomez.es\/wp-content\/uploads\/2025\/01\/FAMILY-19-768x512.jpg 768w, https:\/\/kirstengomez.es\/wp-content\/uploads\/2025\/01\/FAMILY-19.jpg 1100w\" sizes=\"(max-width: 1024px) 100vw, 1024px\" \/><\/figure>\n<\/figure>\n","protected":false},"excerpt":{"rendered":"<p>Crea un bonito recuerdo de tu preciosa familia para poder colgarla en cualquier rinc\u00f3n de tu casa. Las sesiones de fotograf\u00eda de familia est\u00e1n pensadas para capturar lo m\u00e1s importante: las personas (y seres) que forman parte de tu vida. Cuando hablamos de familia, no nos referimos \u00fanicamente a padres e hijos, sino a todos aquellos v\u00ednculos que construyen tu historia. Estas sesiones incluyen a quienes t\u00fa consideres parte de tu familia: abuelos, hermanos, cu\u00f1ados, primos\u2026 e incluso tus mascotas, que tambi\u00e9n ocupan un lugar especial en el d\u00eda a d\u00eda. El objetivo es reflejar la conexi\u00f3n, la complicidad y<\/p>\n","protected":false},"author":1,"featured_media":787,"parent":0,"menu_order":0,"comment_status":"closed","ping_status":"closed","template":"wp-custom-template-familia","meta":{"footnotes":""},"class_list":["post-345","page","type-page","status-publish","has-post-thumbnail","hentry"],"jetpack_sharing_enabled":true,"_links":{"self":[{"href":"https:\/\/kirstengomez.es\/index.php?rest_route=\/wp\/v2\/pages\/345","targetHints":{"allow":["GET"]}}],"collection":[{"href":"https:\/\/kirstengomez.es\/index.php?rest_route=\/wp\/v2\/pages"}],"about":[{"href":"https:\/\/kirstengomez.es\/index.php?rest_route=\/wp\/v2\/types\/page"}],"author":[{"embeddable":true,"href":"https:\/\/kirstengomez.es\/index.php?rest_route=\/wp\/v2\/users\/1"}],"replies":[{"embeddable":true,"href":"https:\/\/kirstengomez.es\/index.php?rest_route=%2Fwp%2Fv2%2Fcomments&post=345"}],"version-history":[{"count":20,"href":"https:\/\/kirstengomez.es\/index.php?rest_route=\/wp\/v2\/pages\/345\/revisions"}],"predecessor-version":[{"id":2512,"href":"https:\/\/kirstengomez.es\/index.php?rest_route=\/wp\/v2\/pages\/345\/revisions\/2512"}],"wp:featuredmedia":[{"embeddable":true,"href":"https:\/\/kirstengomez.es\/index.php?rest_route=\/wp\/v2\/media\/787"}],"wp:attachment":[{"href":"https:\/\/kirstengomez.es\/index.php?rest_route=%2Fwp%2Fv2%2Fmedia&parent=345"}],"curies":[{"name":"wp","href":"https:\/\/api.w.org\/{rel}","templated":true}]}}