{"id":2,"date":"2015-02-04T17:38:53","date_gmt":"2015-02-04T17:38:53","guid":{"rendered":"http:\/\/kirstengomez.es\/bodas\/?page_id=2"},"modified":"2016-12-15T11:30:16","modified_gmt":"2016-12-15T11:30:16","slug":"pagina-ejemplo","status":"publish","type":"page","link":"http:\/\/kirstengomez.es\/bodas\/?page_id=2","title":{"rendered":"Sobre m\u00ed"},"content":{"rendered":"<header class=\"entry__header\">\n<h1 class=\"entry__title\">\u00a0<img data-recalc-dims=\"1\" loading=\"lazy\" decoding=\"async\" data-attachment-id=\"2317\" data-permalink=\"http:\/\/kirstengomez.es\/bodas\/?attachment_id=2317\" data-orig-file=\"https:\/\/i0.wp.com\/kirstengomez.es\/bodas\/wp-content\/uploads\/2015\/02\/kirsten.png?fit=669%2C674\" data-orig-size=\"669,674\" data-comments-opened=\"1\" data-image-meta=\"{&quot;aperture&quot;:&quot;0&quot;,&quot;credit&quot;:&quot;&quot;,&quot;camera&quot;:&quot;&quot;,&quot;caption&quot;:&quot;&quot;,&quot;created_timestamp&quot;:&quot;0&quot;,&quot;copyright&quot;:&quot;&quot;,&quot;focal_length&quot;:&quot;0&quot;,&quot;iso&quot;:&quot;0&quot;,&quot;shutter_speed&quot;:&quot;0&quot;,&quot;title&quot;:&quot;&quot;,&quot;orientation&quot;:&quot;0&quot;}\" data-image-title=\"kirsten\" data-image-description=\"\" data-image-caption=\"\" data-large-file=\"https:\/\/i0.wp.com\/kirstengomez.es\/bodas\/wp-content\/uploads\/2015\/02\/kirsten.png?fit=669%2C674\" class=\"alignnone size-full wp-image-2317\" src=\"https:\/\/i0.wp.com\/kirstengomez.es\/bodas\/wp-content\/uploads\/2015\/02\/kirsten.png?resize=669%2C674\" alt=\"kirsten\" width=\"669\" height=\"674\" srcset=\"https:\/\/i0.wp.com\/kirstengomez.es\/bodas\/wp-content\/uploads\/2015\/02\/kirsten.png?w=669 669w, https:\/\/i0.wp.com\/kirstengomez.es\/bodas\/wp-content\/uploads\/2015\/02\/kirsten.png?resize=150%2C150 150w, https:\/\/i0.wp.com\/kirstengomez.es\/bodas\/wp-content\/uploads\/2015\/02\/kirsten.png?resize=298%2C300 298w, https:\/\/i0.wp.com\/kirstengomez.es\/bodas\/wp-content\/uploads\/2015\/02\/kirsten.png?resize=500%2C504 500w\" sizes=\"auto, (max-width: 669px) 100vw, 669px\" \/><\/h1>\n<p>Soy una persona que le apasiona su trabajo. Disfruto mucho con las bodas y me encanta sacar lo mejor de cada una. Cada situaci\u00f3n, cada vivencia, cada emoci\u00f3n&#8230;<\/p>\n<p><script src=\"https:\/\/cdn1.bodas.net\/_js\/wp-rated.js?v=4\" type=\"text\/javascript\"><\/script><\/p>\n<div id=\"wp-rated\"><a title=\"Sugerido en www.bodas.net\" href=\"https:\/\/www.bodas.net\/fotografos\/kirsten-gomez--e41627\"><img data-recalc-dims=\"1\" decoding=\"async\" id=\"wp-rated-img\" src=\"https:\/\/i0.wp.com\/cdn1.bodas.net\/img\/badges\/2015\/badge-gold_es_ES.jpg?ssl=1\" alt=\"Recomendado en Bodas.net\" \/><\/a><\/div>\n<p><script>\/\/ <![CDATA[\nwpShowRatedv2('41627');\n\/\/ ]]><\/script><\/p>\n<p>&nbsp;<\/p>\n<p><script src=\"https:\/\/cdn1.bodas.net\/_js\/wp-rated.js?v=4\" type=\"text\/javascript\"><\/script><\/p>\n<div id=\"wp-rated\"><a title=\"Sugerido en www.bodas.net\" href=\"https:\/\/www.bodas.net\/fotografos\/kirsten-gomez--e41627\"><img data-recalc-dims=\"1\" decoding=\"async\" id=\"wp-rated-img\" src=\"https:\/\/i0.wp.com\/cdn1.bodas.net\/img\/badges\/2015\/badge-gold_es_ES.jpg?ssl=1\" alt=\"Recomendado en Bodas.net\" \/><\/a><\/div>\n<p><script>\/\/ <![CDATA[\nwpShowRatedv2('41627');\n\/\/ ]]><\/script><\/p>\n<div class=\"bleed--left\">\n<hr class=\"separator separator--dotted grow\" \/>\n<\/div>\n<\/header>\n<div class=\"entry__body\">\n<div class=\"entry__content\">\n<h3><span style=\"color: #9c052a;\"><strong>ESTUDIOS<\/strong><\/span><\/h3>\n<h5>T\u00e9cnica Superior en <strong>FOTOGRAFIA<\/strong> Art\u00edstica, escuela Groc (Barcelona)<\/h5>\n<h5>Bachillerato Art\u00edstico<\/h5>\n<h5>Curso de <strong>DISE\u00d1O GR\u00c1FICO<\/strong><\/h5>\n<h5>Curso de <strong>DISE\u00d1O <\/strong>y<strong> DESARROLLO WEB<\/strong><\/h5>\n<h5>Curso de <strong>DISE\u00d1O WEB CON FLASH<\/strong><\/h5>\n<h5>Curso de iluminaci\u00f3n fotogr\u00e1fica con Diego Espada<\/h5>\n<h5>Taller fotogr\u00e1fico de Moda y Fantas\u00eda con Rebeca Saray<\/h5>\n<h5>3\u00a0talleres de pintura digital con Rafater<\/h5>\n<h5>Taller fotogr\u00e1fico de Levitaci\u00f3n con Mara Hern\u00e1ndez<\/h5>\n<h5>T\u00e9cnica Superior en ADMINISTRACI\u00d3N Y FINANZAS<\/h5>\n<h5><\/h5>\n<h3><span style=\"color: #9c052a;\"><strong>PREMIOS<\/strong><\/span><\/h3>\n<h5>Premio a la Mejor Colecci\u00f3n fotogr\u00e1fica Fundaci\u00f3 Pedrolo 2010<\/h5>\n<p>&nbsp;<\/p>\n<h3><strong><span style=\"color: #9c052a;\">PROGRAMAS<\/span><\/strong><\/h3>\n<h5>Adobe Photoshop, Premiere, Lightroom, InDesign, Illustrator y Dreamweaver.<\/h5>\n<h5>Html, CSS, Action Script y jquery.<\/h5>\n<p>&nbsp;<\/p>\n<h3><span style=\"color: #9c052a;\"><strong>REDES SOCIALES<\/strong><\/span><\/h3>\n<p><i class=\"pixcode  pixcode--icon  icon-facebook-sign    small  \"><\/i><a title=\"Facebook\" href=\"http:\/\/facebook.com\/\" target=\"_blank\">Facebook<\/a>\u00a0 \u00a0 \u00a0\u00a0<i class=\"pixcode  pixcode--icon  icon-twitter    small  \"><\/i><a title=\"Twitter\" href=\"http:\/\/twitter.com\/\" target=\"_blank\">Twitter<\/a>\u00a0 \u00a0 \u00a0\u00a0<i class=\"pixcode  pixcode--icon  icon-pinterest    small  \"><\/i><a title=\"Pinterest\" href=\"http:\/\/pinterest.com\/\" target=\"_blank\">Pinterest<\/a><\/p>\n<\/div>\n<\/div>\n","protected":false},"excerpt":{"rendered":"<p>\u00a0 Soy una persona que le apasiona su trabajo. Disfruto mucho con las bodas y me encanta sacar lo mejor de cada una. Cada situaci\u00f3n, cada vivencia, cada emoci\u00f3n&#8230; &nbsp; ESTUDIOS T\u00e9cnica Superior en FOTOGRAFIA Art\u00edstica, escuela Groc (Barcelona) Bachillerato Art\u00edstico Curso de DISE\u00d1O GR\u00c1FICO Curso de DISE\u00d1O y DESARROLLO WEB Curso de DISE\u00d1O WEB&#8230;<\/p>\n","protected":false},"author":1,"featured_media":0,"parent":0,"menu_order":2,"comment_status":"open","ping_status":"open","template":"","meta":{"jetpack_post_was_ever_published":false,"footnotes":""},"class_list":["post-2","page","type-page","status-publish","hentry"],"jetpack_sharing_enabled":true,"jetpack_shortlink":"https:\/\/wp.me\/P5ZDAn-2","_links":{"self":[{"href":"http:\/\/kirstengomez.es\/bodas\/index.php?rest_route=\/wp\/v2\/pages\/2","targetHints":{"allow":["GET"]}}],"collection":[{"href":"http:\/\/kirstengomez.es\/bodas\/index.php?rest_route=\/wp\/v2\/pages"}],"about":[{"href":"http:\/\/kirstengomez.es\/bodas\/index.php?rest_route=\/wp\/v2\/types\/page"}],"author":[{"embeddable":true,"href":"http:\/\/kirstengomez.es\/bodas\/index.php?rest_route=\/wp\/v2\/users\/1"}],"replies":[{"embeddable":true,"href":"http:\/\/kirstengomez.es\/bodas\/index.php?rest_route=%2Fwp%2Fv2%2Fcomments&post=2"}],"version-history":[{"count":17,"href":"http:\/\/kirstengomez.es\/bodas\/index.php?rest_route=\/wp\/v2\/pages\/2\/revisions"}],"predecessor-version":[{"id":3178,"href":"http:\/\/kirstengomez.es\/bodas\/index.php?rest_route=\/wp\/v2\/pages\/2\/revisions\/3178"}],"wp:attachment":[{"href":"http:\/\/kirstengomez.es\/bodas\/index.php?rest_route=%2Fwp%2Fv2%2Fmedia&parent=2"}],"curies":[{"name":"wp","href":"https:\/\/api.w.org\/{rel}","templated":true}]}}