{"id":1005,"date":"2015-04-12T14:54:38","date_gmt":"2015-04-12T14:54:38","guid":{"rendered":"http:\/\/kirstengomez.es\/bodas\/?page_id=1005"},"modified":"2017-01-12T23:18:25","modified_gmt":"2017-01-12T23:18:25","slug":"entrega","status":"publish","type":"page","link":"http:\/\/kirstengomez.es\/bodas\/?page_id=1005","title":{"rendered":"ENTREGA"},"content":{"rendered":"<pre>Mis entregas son siempre personalizadas, cada cliente es diferente por eso cada una tiene algo especial.<\/pre>\n<p style=\"text-align: justify;\">La maquetaci\u00f3n de los \u00e1lbums son sencillas, doy importancia a lo que verdaderamente lo vale que son vuestras fotograf\u00edas. Juntos decidimos como va a quedar el resultado final y vosotros tambi\u00e9n form\u00e1is parte del resultado porque al final os ha de encantar. Juntos dedidimos acabados y materiales. Cajas para guardarlos, bolsas y todos los complementos que quer\u00e1is.<\/p>\n<h3>Tipos de entrega:<\/h3>\n<ul>\n<li>\n<h5><span style=\"color: #915d34;\"><strong> DIGITAL<\/strong><\/span> (entrega fotos editadas en formato digital)<\/h5>\n<\/li>\n<\/ul>\n<p style=\"text-align: justify; padding-left: 30px;\">Para la entrega de las fotograf\u00edas en digital, se entrega un pendrive con las fotos en alta calidad y sin marcas de agua.<\/p>\n<p><img data-recalc-dims=\"1\" loading=\"lazy\" decoding=\"async\" data-attachment-id=\"2988\" data-permalink=\"http:\/\/kirstengomez.es\/bodas\/?attachment_id=2988\" data-orig-file=\"https:\/\/i0.wp.com\/kirstengomez.es\/bodas\/wp-content\/uploads\/2015\/04\/caentrega-3.jpg?fit=1000%2C667\" data-orig-size=\"1000,667\" data-comments-opened=\"1\" data-image-meta=\"{&quot;aperture&quot;:&quot;2.8&quot;,&quot;credit&quot;:&quot;&quot;,&quot;camera&quot;:&quot;Canon EOS 5D Mark III&quot;,&quot;caption&quot;:&quot;&quot;,&quot;created_timestamp&quot;:&quot;1475603552&quot;,&quot;copyright&quot;:&quot;&quot;,&quot;focal_length&quot;:&quot;50&quot;,&quot;iso&quot;:&quot;400&quot;,&quot;shutter_speed&quot;:&quot;0.008&quot;,&quot;title&quot;:&quot;&quot;,&quot;orientation&quot;:&quot;0&quot;}\" data-image-title=\"caentrega-3\" data-image-description=\"\" data-image-caption=\"\" data-large-file=\"https:\/\/i0.wp.com\/kirstengomez.es\/bodas\/wp-content\/uploads\/2015\/04\/caentrega-3.jpg?fit=1000%2C667\" class=\" wp-image-2988 aligncenter\" src=\"https:\/\/i0.wp.com\/kirstengomez.es\/bodas\/wp-content\/uploads\/2015\/04\/caentrega-3.jpg?resize=700%2C467\" alt=\"caentrega-3\" width=\"700\" height=\"467\" srcset=\"https:\/\/i0.wp.com\/kirstengomez.es\/bodas\/wp-content\/uploads\/2015\/04\/caentrega-3.jpg?w=1000 1000w, https:\/\/i0.wp.com\/kirstengomez.es\/bodas\/wp-content\/uploads\/2015\/04\/caentrega-3.jpg?resize=300%2C200 300w, https:\/\/i0.wp.com\/kirstengomez.es\/bodas\/wp-content\/uploads\/2015\/04\/caentrega-3.jpg?resize=800%2C534 800w, https:\/\/i0.wp.com\/kirstengomez.es\/bodas\/wp-content\/uploads\/2015\/04\/caentrega-3.jpg?resize=500%2C334 500w\" sizes=\"auto, (max-width: 700px) 100vw, 700px\" \/><\/p>\n<p style=\"text-align: center;\">*Ejemplo de una entrega digital de un pac en concreto.<\/p>\n<ul>\n<li>\n<h5><span style=\"color: #915d34;\"><strong>\u00c1LBUM + DIGITAL<\/strong><\/span> (entrega de las fotos editadas en formato digital + un \u00e1lbum)<\/h5>\n<\/li>\n<\/ul>\n<p style=\"padding-left: 30px;\">Es un \u00e1lbum de gran calidad con papel antihuella donde se podr\u00e1n apreciar las fotograf\u00edas con la mejor calidad posible y podr\u00e9is ense\u00f1arlas a todos vuestros amigos y familiares.<\/p>\n<p style=\"padding-left: 30px;\">Con un regalo especial de una funda de tela hecha a mano con mucho cari\u00f1o y adem\u00e1s personalizada para cada \u00e1lbum.<\/p>\n<p><img data-recalc-dims=\"1\" loading=\"lazy\" decoding=\"async\" data-attachment-id=\"1019\" data-permalink=\"http:\/\/kirstengomez.es\/bodas\/?attachment_id=1019\" data-orig-file=\"https:\/\/i0.wp.com\/kirstengomez.es\/bodas\/wp-content\/uploads\/2014\/09\/albumee.jpg?fit=700%2C800\" data-orig-size=\"700,800\" data-comments-opened=\"1\" data-image-meta=\"{&quot;aperture&quot;:&quot;0&quot;,&quot;credit&quot;:&quot;&quot;,&quot;camera&quot;:&quot;&quot;,&quot;caption&quot;:&quot;&quot;,&quot;created_timestamp&quot;:&quot;0&quot;,&quot;copyright&quot;:&quot;&quot;,&quot;focal_length&quot;:&quot;0&quot;,&quot;iso&quot;:&quot;0&quot;,&quot;shutter_speed&quot;:&quot;0&quot;,&quot;title&quot;:&quot;&quot;,&quot;orientation&quot;:&quot;1&quot;}\" data-image-title=\"albumE&amp;#038;E\" data-image-description=\"\" data-image-caption=\"\" data-large-file=\"https:\/\/i0.wp.com\/kirstengomez.es\/bodas\/wp-content\/uploads\/2014\/09\/albumee.jpg?fit=700%2C800\" class=\" size-full wp-image-1019 aligncenter\" src=\"https:\/\/i0.wp.com\/kirstengomez.es\/bodas\/wp-content\/uploads\/2014\/09\/albumee.jpg?resize=700%2C800\" alt=\"albumE&amp;E\" width=\"700\" height=\"800\" srcset=\"https:\/\/i0.wp.com\/kirstengomez.es\/bodas\/wp-content\/uploads\/2014\/09\/albumee.jpg?w=700 700w, https:\/\/i0.wp.com\/kirstengomez.es\/bodas\/wp-content\/uploads\/2014\/09\/albumee.jpg?resize=263%2C300 263w, https:\/\/i0.wp.com\/kirstengomez.es\/bodas\/wp-content\/uploads\/2014\/09\/albumee.jpg?resize=500%2C571 500w\" sizes=\"auto, (max-width: 700px) 100vw, 700px\" \/><\/p>\n<p style=\"text-align: center;\">*Hay diferentes pacs y medidas que podr\u00e9is consultarme seg\u00fan vuestras necesidades.<\/p>\n<p>&nbsp;<\/p>\n<h5>\u00c1lbums r\u00e9plica para padres<\/h5>\n<p>Tambi\u00e9n hay opci\u00f3n de \u00e1lbums r\u00e9plica para padres. Son como el grande pero m\u00e1s peque\u00f1os para poderlos regalar a vuestros padres. \u00a1As\u00ed podr\u00e1n presumir de hijos!<\/p>\n<p>&nbsp;<\/p>\n<p><img data-recalc-dims=\"1\" loading=\"lazy\" decoding=\"async\" data-attachment-id=\"1022\" data-permalink=\"http:\/\/kirstengomez.es\/bodas\/?attachment_id=1022\" data-orig-file=\"https:\/\/i0.wp.com\/kirstengomez.es\/bodas\/wp-content\/uploads\/2014\/09\/ee-1.jpg?fit=700%2C336\" data-orig-size=\"700,336\" data-comments-opened=\"1\" data-image-meta=\"{&quot;aperture&quot;:&quot;2&quot;,&quot;credit&quot;:&quot;Kirsten G\\u00f3mez&quot;,&quot;camera&quot;:&quot;Canon EOS 5D Mark II&quot;,&quot;caption&quot;:&quot;&quot;,&quot;created_timestamp&quot;:&quot;1428066943&quot;,&quot;copyright&quot;:&quot;&quot;,&quot;focal_length&quot;:&quot;50&quot;,&quot;iso&quot;:&quot;200&quot;,&quot;shutter_speed&quot;:&quot;0.008&quot;,&quot;title&quot;:&quot;&quot;,&quot;orientation&quot;:&quot;1&quot;}\" data-image-title=\"E&amp;#038;E-1\" data-image-description=\"\" data-image-caption=\"\" data-large-file=\"https:\/\/i0.wp.com\/kirstengomez.es\/bodas\/wp-content\/uploads\/2014\/09\/ee-1.jpg?fit=700%2C336\" class=\" size-full wp-image-1022 aligncenter\" src=\"https:\/\/i0.wp.com\/kirstengomez.es\/bodas\/wp-content\/uploads\/2014\/09\/ee-1.jpg?resize=700%2C336\" alt=\"E&amp;E-1\" width=\"700\" height=\"336\" srcset=\"https:\/\/i0.wp.com\/kirstengomez.es\/bodas\/wp-content\/uploads\/2014\/09\/ee-1.jpg?w=700 700w, https:\/\/i0.wp.com\/kirstengomez.es\/bodas\/wp-content\/uploads\/2014\/09\/ee-1.jpg?resize=300%2C144 300w, https:\/\/i0.wp.com\/kirstengomez.es\/bodas\/wp-content\/uploads\/2014\/09\/ee-1.jpg?resize=500%2C240 500w\" sizes=\"auto, (max-width: 700px) 100vw, 700px\" \/><\/p>\n<p>&nbsp;<\/p>\n<p>Podr\u00e9is hacer ampliaciones conmigo en diferentes soportes materiales. Siempre os recomiendo que lo haga yo para que la foto quede perfecta y evitar cualquier error.<\/p>\n<p>&nbsp;<\/p>\n<ul>\n<li>\u00a0Consultar condiciones y precios en contact@kirstengomez.es o pedir cita para venir a visitarme y os atender\u00e9 de manera m\u00e1s personalizada.<\/li>\n<\/ul>\n","protected":false},"excerpt":{"rendered":"<p>Mis entregas son siempre personalizadas, cada cliente es diferente por eso cada una tiene algo especial. La maquetaci\u00f3n de los \u00e1lbums son sencillas, doy importancia a lo que verdaderamente lo vale que son vuestras fotograf\u00edas. Juntos decidimos como va a quedar el resultado final y vosotros tambi\u00e9n form\u00e1is parte del resultado porque al final os&#8230;<\/p>\n","protected":false},"author":1,"featured_media":0,"parent":0,"menu_order":0,"comment_status":"open","ping_status":"open","template":"","meta":{"jetpack_post_was_ever_published":false,"footnotes":""},"class_list":["post-1005","page","type-page","status-publish","hentry"],"jetpack_sharing_enabled":false,"jetpack_shortlink":"https:\/\/wp.me\/P5ZDAn-gd","_links":{"self":[{"href":"http:\/\/kirstengomez.es\/bodas\/index.php?rest_route=\/wp\/v2\/pages\/1005","targetHints":{"allow":["GET"]}}],"collection":[{"href":"http:\/\/kirstengomez.es\/bodas\/index.php?rest_route=\/wp\/v2\/pages"}],"about":[{"href":"http:\/\/kirstengomez.es\/bodas\/index.php?rest_route=\/wp\/v2\/types\/page"}],"author":[{"embeddable":true,"href":"http:\/\/kirstengomez.es\/bodas\/index.php?rest_route=\/wp\/v2\/users\/1"}],"replies":[{"embeddable":true,"href":"http:\/\/kirstengomez.es\/bodas\/index.php?rest_route=%2Fwp%2Fv2%2Fcomments&post=1005"}],"version-history":[{"count":11,"href":"http:\/\/kirstengomez.es\/bodas\/index.php?rest_route=\/wp\/v2\/pages\/1005\/revisions"}],"predecessor-version":[{"id":3215,"href":"http:\/\/kirstengomez.es\/bodas\/index.php?rest_route=\/wp\/v2\/pages\/1005\/revisions\/3215"}],"wp:attachment":[{"href":"http:\/\/kirstengomez.es\/bodas\/index.php?rest_route=%2Fwp%2Fv2%2Fmedia&parent=1005"}],"curies":[{"name":"wp","href":"https:\/\/api.w.org\/{rel}","templated":true}]}}